{"id":28,"date":"2016-03-01T09:33:10","date_gmt":"2016-03-01T08:33:10","guid":{"rendered":"http:\/\/www.retodubach.ch\/?page_id=28"},"modified":"2017-02-22T11:33:04","modified_gmt":"2017-02-22T10:33:04","slug":"politische-ziele","status":"publish","type":"page","link":"http:\/\/www.retodubach.ch\/?page_id=28","title":{"rendered":"Profil"},"content":{"rendered":"<ol>\n<li>Dr.iur., Rechtsanwalt<\/li>\n<li>Mehrj\u00e4hrige T\u00e4tigkeit als Regierungsrat und fr\u00fcherer Staatsschreiber (Stabschef der Regierung)<\/li>\n<li>Engagement in zahlreichen Organisationen und Verwaltungsr\u00e4ten<\/li>\n<li>Umfassende Erfahrung in der Aus\u00fcbung anspruchsvoller Mandate und in der Leitung komplexer Projekte<\/li>\n<li>Vielf\u00e4ltige Kontakte auf kantonaler und nationaler Ebene sowie im nahen Ausland<\/li>\n<li>kompetent, erfahren, umg\u00e4nglich, l\u00f6sungsorientiert, verl\u00e4sslich<\/li>\n<\/ol>\n<p>&nbsp;<\/p>\n<p><img loading=\"lazy\" class=\"aligncenter size-full wp-image-47\" src=\"http:\/\/www.retodubach.ch\/wp-content\/uploads\/2016\/03\/Geruest-klein.jpg\" alt=\"Geruest-klein\" width=\"420\" height=\"146\" srcset=\"http:\/\/www.retodubach.ch\/wp-content\/uploads\/2016\/03\/Geruest-klein.jpg 420w, http:\/\/www.retodubach.ch\/wp-content\/uploads\/2016\/03\/Geruest-klein-300x104.jpg 300w\" sizes=\"(max-width: 420px) 100vw, 420px\" \/><\/p>\n","protected":false},"excerpt":{"rendered":"<p>Dr.iur., Rechtsanwalt Mehrj\u00e4hrige T\u00e4tigkeit als Regierungsrat und fr\u00fcherer Staatsschreiber (Stabschef der Regierung) Engagement in zahlreichen Organisationen und Verwaltungsr\u00e4ten Umfassende Erfahrung in der Aus\u00fcbung anspruchsvoller Mandate und in der Leitung komplexer Projekte Vielf\u00e4ltige Kontakte auf kantonaler und nationaler Ebene sowie im &hellip; <a href=\"http:\/\/www.retodubach.ch\/?page_id=28\">Weiterlesen <span class=\"meta-nav\">&rarr;<\/span><\/a><\/p>\n","protected":false},"author":1,"featured_media":0,"parent":0,"menu_order":0,"comment_status":"closed","ping_status":"closed","template":"sidebar-page.php","meta":{"ngg_post_thumbnail":0},"_links":{"self":[{"href":"http:\/\/www.retodubach.ch\/index.php?rest_route=\/wp\/v2\/pages\/28"}],"collection":[{"href":"http:\/\/www.retodubach.ch\/index.php?rest_route=\/wp\/v2\/pages"}],"about":[{"href":"http:\/\/www.retodubach.ch\/index.php?rest_route=\/wp\/v2\/types\/page"}],"author":[{"embeddable":true,"href":"http:\/\/www.retodubach.ch\/index.php?rest_route=\/wp\/v2\/users\/1"}],"replies":[{"embeddable":true,"href":"http:\/\/www.retodubach.ch\/index.php?rest_route=%2Fwp%2Fv2%2Fcomments&post=28"}],"version-history":[{"count":11,"href":"http:\/\/www.retodubach.ch\/index.php?rest_route=\/wp\/v2\/pages\/28\/revisions"}],"predecessor-version":[{"id":199,"href":"http:\/\/www.retodubach.ch\/index.php?rest_route=\/wp\/v2\/pages\/28\/revisions\/199"}],"wp:attachment":[{"href":"http:\/\/www.retodubach.ch\/index.php?rest_route=%2Fwp%2Fv2%2Fmedia&parent=28"}],"curies":[{"name":"wp","href":"https:\/\/api.w.org\/{rel}","templated":true}]}}